{"id":60,"date":"2016-03-02T18:15:24","date_gmt":"2016-03-03T00:15:24","guid":{"rendered":"http:\/\/150.164.98.3\/mercosur2016\/?page_id=60"},"modified":"2019-08-01T05:16:46","modified_gmt":"2019-08-01T08:16:46","slug":"turismo","status":"publish","type":"page","link":"https:\/\/edicic2016.eci.ufmg.br\/es\/turismo\/","title":{"rendered":"ITINERARIOS TUR\u00cdSTICOS"},"content":{"rendered":"<h3><strong>CIRCUITO CULTURAL PRA\u00c7A DA LIBERDADE (Plaza de la Libertad)<\/strong><\/h3>\n<p><strong>\u00a0<\/strong><\/p>\n<p>Ubicado en un \u00e1rea hist\u00f3rica de la capital de Minas Gerais, el Circuito est\u00e1 compuesto por trece instituciones, entre museos y centros culturales, que mapean diferentes aspectos del universo cultural y art\u00edstico.<\/p>\n<p>&nbsp;<\/p>\n<p>La belleza y arquitectura de las edificaciones que componen el Circuito Libertad son una invitaci\u00f3n m\u00e1s para los visitantes.<\/p>\n<p>&nbsp;<\/p>\n<p>Espacios que integran el Circuito Liberdade:<\/p>\n<p>&nbsp;<\/p>\n<ul>\n<li>\n<h3><a href=\"http:\/\/circuitoculturalliberdade.com.br\/plus\/modulos\/listas\/?tac=espaco&#038;id=2#\/informacao\">Arquivo P\u00fablico Mineiro<\/a> (Archivo P\u00fablico de Minas Gerais)<\/h3>\n<\/li>\n<\/ul>\n<p><strong>Horario: 9h a 17h\u00a0 lunes a viernes<\/strong><\/p>\n<p><strong>Direcci\u00f3n: <\/strong>\u00a0Av. Jo\u00e3o Pinheiro 372, Funcion\u00e1rios<\/p>\n<p><strong>\u00a0<\/strong><\/p>\n<ul>\n<li>\n<h3><a href=\"http:\/\/circuitoculturalliberdade.com.br\/plus\/modulos\/listas\/?tac=espaco&#038;id=3#\/informacao\">Biblioteca P\u00fablica Estadual Luiz de Bessa<\/a><\/h3>\n<\/li>\n<\/ul>\n<p><strong>Horario: 8 a 18h<\/strong><\/p>\n<p><strong>Direcci\u00f3n: <\/strong>Pra\u00e7a da Liberdade, 21 &#8211; Funcion\u00e1rios, Belo Horizonte<\/p>\n<p><strong>\u00a0<\/strong><\/p>\n<ul>\n<li>\n<h3><a href=\"http:\/\/circuitoculturalliberdade.com.br\/plus\/modulos\/listas\/?tac=espaco&#038;id=25#\/informacao\">Casa Fiat de Cultura<\/a><\/h3>\n<\/li>\n<\/ul>\n<p><strong>Horario: 8 a 18h lunes a s\u00e1bado<\/strong><\/p>\n<p><strong>Direcci\u00f3n: <\/strong><strong>\u00a0<\/strong>Pra\u00e7a da Liberdade, 10 &#8211; Funcion\u00e1rios, Belo Horizonte<\/p>\n<p><strong>\u00a0<\/strong><\/p>\n<ul>\n<li>\n<h3><a href=\"http:\/\/circuitoculturalliberdade.com.br\/plus\/modulos\/listas\/?tac=espaco&#038;id=6#\/informacao\">Centro Cultural Banco do Brasil<\/a><\/h3>\n<\/li>\n<\/ul>\n<p><strong>Horario: 9 a 21h mi\u00e9rcoles a lunes <\/strong><\/p>\n<p><strong>Direcci\u00f3n: <\/strong>Pra\u00e7a da Liberdade, 450 &#8211; Funcion\u00e1rios, Belo Horizonte<\/p>\n<p><strong>\u00a0<\/strong><\/p>\n<ul>\n<li>\n<h3>Centro de Arte Popular Cemig (Centro del Arte Popular Cemig)<\/h3>\n<\/li>\n<\/ul>\n<p><strong>Horario: 10 a 19h martes a domingo<\/strong><\/p>\n<p><strong>Direcci\u00f3n: <\/strong>Rua Gon\u00e7alves Dias, 1608 &#8211; Lourdes, Belo Horizonte.<\/p>\n<p><strong>\u00a0<\/strong><\/p>\n<p>&nbsp;<\/p>\n<ul>\n<li>\n<h3><a href=\"http:\/\/circuitoculturalliberdade.com.br\/plus\/modulos\/listas\/?tac=espaco&#038;id=7#\/informacao\">Espa\u00e7o do Conhecimento UFMG<\/a> (Espacio del Conocimiento UFMG)<\/h3>\n<\/li>\n<\/ul>\n<p><strong>\u00a0<\/strong><\/p>\n<p><strong>Horario: 10 A 17H martes a domingo<\/strong><\/p>\n<p><strong>Direcci\u00f3n: <\/strong>Pra\u00e7a da Liberdade, Belo Horizonte<\/p>\n<p>&nbsp;<\/p>\n<ul>\n<li>\n<h3><a href=\"http:\/\/circuitoculturalliberdade.com.br\/plus\/modulos\/listas\/?tac=espaco&#038;id=23#\/informacao\">Horizonte Sebrae \u2013 Casa da Economia Criativa<\/a> (Casa de La Economia Criativa)<\/h3>\n<\/li>\n<\/ul>\n<p><strong>Hor\u00e1rio: 9 a 18h lunes a viernes<\/strong><\/p>\n<p><strong>Direcci\u00f3n:<\/strong> Rua Santa Rita Dur\u00e3o, 1275 &#8211; Funcion\u00e1rios, Belo Horizonte.<\/p>\n<p>&nbsp;<\/p>\n<ul>\n<li>\n<h3><a href=\"http:\/\/circuitoculturalliberdade.com.br\/plus\/modulos\/listas\/?tac=espaco&#038;id=8#\/informacao\">Memorial Minas Gerais Vale<\/a><\/h3>\n<\/li>\n<\/ul>\n<p><strong>Horario: <\/strong><strong>10 a 17:30h martes a domingo<\/strong><\/p>\n<p><strong>Direcci\u00f3n: <\/strong><strong>\u00a0<\/strong>Pra\u00e7a da Liberdade, s\/n &#8211; Funcion\u00e1rios, Belo Horizonte<\/p>\n<p>&nbsp;<\/p>\n<ul>\n<li>\n<h3><a href=\"http:\/\/circuitoculturalliberdade.com.br\/plus\/modulos\/listas\/?tac=espaco&#038;id=10#\/informacao\">MM Gerdau &#8211; Museu das Minas e do Metal<\/a><strong> (Museo de las Minas y del Metal)\u00a0<\/strong><\/h3>\n<\/li>\n<\/ul>\n<p><strong>Horario: 12 a 18h martes a domingo<\/strong><\/p>\n<p><strong>Direcci\u00f3n: <\/strong>Pra\u00e7a da Liberdade, s\/n &#8211; Belo Horizonte<\/p>\n<p>&nbsp;<\/p>\n<ul>\n<li>\n<h3><a href=\"http:\/\/circuitoculturalliberdade.com.br\/plus\/modulos\/listas\/?tac=espaco&#038;id=11#\/informacao\">Museu Mineiro<\/a> (Museo Mineiro)<\/h3>\n<\/li>\n<\/ul>\n<p><strong>Horario: 12 a 19h martes a domingo<\/strong><\/p>\n<p><strong>Direcci\u00f3n: <\/strong>Av. Jo\u00e3o Pinheiro, 342 &#8211; Centro, Belo Horizonte.<\/p>\n<p>&nbsp;<\/p>\n<ul>\n<li>\n<h3><a href=\"http:\/\/circuitoculturalliberdade.com.br\/plus\/modulos\/listas\/?tac=espaco&#038;id=12#\/informacao\">Pal\u00e1cio da Liberdade<\/a><strong>\u00a0(Palacio de la Libertad)<\/strong><\/h3>\n<\/li>\n<\/ul>\n<p><strong>Direcci\u00f3n: <\/strong><strong>\u00a0<\/strong>Rua Thom\u00e9 de Souza, 1332 &#8211; Funcion\u00e1rios, Belo Horizonte<\/p>\n<p><strong>\u00a0<\/strong><\/p>\n<ul>\n<li>\n<h3><strong>BDMG Cultural<\/strong><\/h3>\n<\/li>\n<\/ul>\n<p><strong>Horario: 10 a 18h domingo a domingo<\/strong><\/p>\n<p><strong>Direcci\u00f3n: <\/strong>Rua Bernardo Guimar\u00e3es, 1600 &#8211; Lourdes, Belo Horizonte<\/p>\n<p>&nbsp;<\/p>\n<h3><strong>PRA\u00c7A DA LIBERDADE (PLAZA DE LA LIBERTAD)<\/strong><\/h3>\n<p>Ubicada en la regi\u00f3n centro-sur de Belo Horizonte, la plaza es punto de encuentro, atrayendo personas de todas las edades, adem\u00e1s de ser un tradicional escenario de presentaciones culturales gratuitas.<\/p>\n<p>La construcci\u00f3n del Conjunto Arquitect\u00f3nico y Paisaj\u00edstico de la Pra\u00e7a da Liberdade (Plaza de la Libertad) fue iniciada en la \u00e9poca de la fundaci\u00f3n de la nueva capital (1895-1897). Hecha para abrigar la sede del poder, las primeras Secretar\u00edas de Estado obedecen a la tendencia de la \u00e9poca &#8211; estilo ecl\u00e9tico con elementos neocl\u00e1sicos.<\/p>\n<p>A lo largo de los a\u00f1os, el n\u00facleo fue recibiendo construcciones de diferentes estilos arquitect\u00f3nicos. En las d\u00e9cadas de 50 y 60 edificios modernos fueron implantados, como el Edificio Niemeyer y la Biblioteca P\u00fablica. Ya en los a\u00f1os 80, en estilo post-moderno, fue inaugurado el Centro de Apoyo Tur\u00edstico Tancredo Neves.<\/p>\n<p>&nbsp;<\/p>\n<h3><strong>MERCADO CENTRAL<\/strong><\/h3>\n<p>Una mezcla de religiosidad, cultura popular, tradici\u00f3n y contemporaneidad hacen del Mercado Central de Belo Horizonte uno de los rincones m\u00e1s acogedores de la ciudad. All\u00e1 se encuentra de todo. Si est\u00e1s con hambre puedes pedir comida de Minas o comprar ingredientes para hacerla en casa. Si est\u00e1 con sed, puede invitar a los amigos para una buena cerveza. Si busca alg\u00fan tipo de protecci\u00f3n religiosa, puede comprar los m\u00e1s variados art\u00edculos religiosos y esot\u00e9ricos. Cualquier tipo de cura puede ser encontrado por all\u00e1: curas para el alma y para el cuerpo. Al final, hay hierbas para todos los tipos y gustos, que resuelven de intestino preso a impotencia. Artesan\u00edas <em>mineiras<\/em> (locales), floricultura, juguetes y ropas. M\u00e1s para qui\u00e9n quiere dar solamente un paseo, tambi\u00e9n puede pasar por all\u00e1. Hay &#8220;causo&#8221; (contos, narrativas locales) minero en cada rinc\u00f3n de aquel lugar. Esas historias de la cultura popular, media verdad, media creencia, ayudan tambi\u00e9n a contar un poquito de la historia de Belo Horizonte.<\/p>\n<p><strong>Horario: <\/strong>7h a 18H de lunes a s\u00e1bado<\/p>\n<p>7h a 13h domingos y feriados<\/p>\n<p><strong>Direcci\u00f3n: <\/strong>Avenida Augusto de Lima, 744, Centro, Belo Horizonte<\/p>\n<p>&nbsp;<\/p>\n<h3><strong>INHOTIM<\/strong><\/h3>\n<p>El Instituto Inhotim est\u00e1 ubicado en el municipio de Brumadinho, en la regi\u00f3n metropolitana de Belo Horizonte.<\/p>\n<p>El local abriga un complejo museol\u00f3gico con una serie de pabilones y galer\u00edas con obras de arte y esculturas expuestas al aire libre. Inhotim es la \u00fanica instituci\u00f3n brasile\u00f1a que exhibe continuamente una colecci\u00f3n de excelencia internacional de\u00a0arte contempor\u00e1neo.<\/p>\n<p>La experiencia de Inhotim est\u00e1 en gran parte asociada al desarrollo de una relaci\u00f3n espacial entre arte y naturaleza, que posibilita que los artistas creen y exhiban sus obras en condiciones \u00fanicas.<\/p>\n<p>El espectador es convidado a recorrer jardines, paisajes de bosques y ambientes rurales, perdi\u00e9ndose entre lagos, senderos, monta\u00f1as y valles, estableciendo una vivencia activa del espacio.<\/p>\n<p>Nuevos proyectos son inaugurados peri\u00f3dicamente, incluyendo obras creadas\u00a0<em>site-specific<\/em>\u00a0para el local y recortes monogr\u00e1ficos y tem\u00e1ticos de la colecci\u00f3n, haciendo de Inhotim un lugar en continua transformaci\u00f3n.<\/p>\n<p><strong>\u00a0<\/strong><\/p>\n<p><strong>Entrada:<\/strong> 25,00 martes y jueves<\/p>\n<p>40,00 viernes, s\u00e1bado, domingo y feriado<\/p>\n<p>Gratuito\u00a0 mi\u00e9rcoles<\/p>\n<p>&nbsp;<\/p>\n<p><strong>Media-entrada:<\/strong><\/p>\n<p>Ni\u00f1os de 6 a 12 a\u00f1os, mayores de 60 anos, estudiantes identificados, profesores de las redes formales p\u00fablica y privada de ense\u00f1anza identificados, empleados de la Vale, JChebly y Cemig, abonados e acreditados del jornales Estado de Minas, Hoje em Dia, \u00a0O Tempo, Revista Piau\u00ed y vecinos de Brumadinho participantes del programa <strong><em>Nosso Inhotim.<\/em><\/strong><\/p>\n<p><strong>Horario:<\/strong><\/p>\n<p>Martes a viernes &#8211; 09h30 a 16h30<\/p>\n<p>S\u00e1bado, domingo \u00a0y feriado &#8211; 09h30 a 16h30<\/p>\n<p><strong>Direcci\u00f3n:<\/strong> R. B, 20 &#8211; Centro, Brumadinho<\/p>\n<p>&nbsp;<\/p>\n<p>&nbsp;<\/p>\n<h2><strong>PAMPULHA<\/strong><\/h2>\n<p>La Pampulha es considerado Patrimonio de la Humanidad reconocido por la UNESCO (UNESCO ) por sus edificios modernos dise\u00f1ados por Oscar Niemeyer ( 1906-2012 ) a principios de 1940 .<\/p>\n<p>&nbsp;<\/p>\n<h3><strong>IGLESIA S\u00c3O FRANCISCO DE ASSIS<\/strong><\/h3>\n<p>La Iglesia S\u00e3o Francisco de Assis de la Pampulha, en Belo Horizonte, Minas Gerais, fue inaugurada en 1943. El proyecto arquitect\u00f3nico de la iglesia es de Oscar Niemeyer y c\u00e1lculo estructural de Joaquim Cardozo. Fue el \u00faltimo edificio a ser inaugurado del Conjunto Arquitect\u00f3nico de la Pampulha. Es considerada la obra prima del conjunto.<\/p>\n<p>Su interior abriga la V\u00eda Sacra, constituida por 14 paneles de Portinari. Esta es considerada la obra m\u00e1s significativa del pintor.\u00a0 Los jardines son firmados por Burle Marx.<\/p>\n<p><strong>Direcci\u00f3n: <\/strong>Avenida Otac\u00edlio Negr\u00e3o de Lima, 3000 &#8211; Pampulha, Belo Horizonte<\/p>\n<p><strong>\u00a0<\/strong><\/p>\n<h3><strong>CASA DO BAILE<\/strong><\/h3>\n<p>La Casa do Baile integra el conjunto arquitect\u00f3nico de la Pampulha. Ella fue reabierta en diciembre de 2002, transform\u00e1ndose en el Centro de Referencia de Urbanismo, Arquitectura y de Design, ligada a la Fundaci\u00f3n Municipal de Cultura de la Municipalidad de Belo Horizonte.<\/p>\n<p>La propuesta, del entonces Centro de Referencia de Urbanismo, Arquitectura y del Design\u00a0 es organizar, documentar y valorar los espacios construidos y simb\u00f3licos de la ciudad, incluyendo los objetos que se hicieron referencia en la vida cotidiana de la sociedad local. Para ello, el acceso democr\u00e1tico a las informaciones relativas al urbanismo, arquitectura y design se hace fundamental para la valoraci\u00f3n de la identidad social de los belo horizontinos.<\/p>\n<p>La Casa do Baile recibe exposiciones temporarias, publicaciones, desarrolla seminarios, encuentros y otros eventos relacionados a las \u00e1reas pertinentes al local.<\/p>\n<p><strong>Horario:<\/strong> 9h a 19 horas (de martes a domingo)<\/p>\n<p><strong>Direcci\u00f3n:<\/strong> Av. Otac\u00edlio Negr\u00e3o de Lima, 751 &#8211; Pampulha, Belo Horizonte<\/p>\n<p><strong>\u00a0<\/strong><\/p>\n<h3><strong>ESTADIO MINEIR\u00c3O<\/strong><\/h3>\n<p>El Estadio Mineir\u00e3o, apodo dado al Estadio Governador Magalh\u00e3es Pinto, es el segundo estadio m\u00e1s grande del f\u00fatbol de Brasil, superado solamente por el Estadio Maracan\u00e3, en Rio de Janeiro.<\/p>\n<p>El Mineir\u00e3o fue inaugurado el 5 de septiembre de 1965, en el juego entre la Selecci\u00f3n Minera y el equipo argentino River Plate, con p\u00fablico de m\u00e1s de 73 mil personas. La capacidad original era de 130 mil hinchas y, actualmente, el Mineir\u00e3o puede recibir 76 mil personas.\u00a0 El mayor p\u00fablico del Mineir\u00e3o fue registrado el 22 de Junio de 1997, en un total de 132.834 personas, en la final del Campeonato Minero entre Cruzeiro y Villa Nova.<\/p>\n<p>Actualmente, el \u00e1rea externa del estadio tambi\u00e9n es usada por deportistas practicantes de skate, patines y bicicleta.<\/p>\n<p><strong>Direcci\u00f3n: <\/strong>Av. Ant\u00f4nio Abrah\u00e3o Caran, 1001 &#8211; S\u00e3o Jos\u00e9, Belo Horizonte<\/p>\n<p><strong>\u00a0<\/strong><\/p>\n<h3><strong>SERRA DO CIP\u00d3 (Sierra del Cip\u00f3)<\/strong><\/h3>\n<p>El\u00a0<a href=\"http:\/\/www.descubraminas.com.br\/destinosturisticos\/hpg_municipio.asp?id_municipio=794\"><em>Parque Nacional da Serra do Cip\u00f3<\/em><\/a>,\u00a0con sus 33.800 ha, es considerado una de las mayores \u00e1reas de biodiversidad del planeta. Es uno de los m\u00e1s estructurados del pa\u00eds y uno de los principales atractivos de la regi\u00f3n, debido a sus inn\u00fameros y preservados atractivos.\u00a0<strong>\u00a0<\/strong> Est\u00e1 ubicada en el estado de Minas Gerais, a apenas 100 Km de la capital minera. El acceso a partir de Belo Horizonte es hecho\u00a0siguiendo por la\u00a0L\u00cdNEA VERDE sentido AEROPUERTO INTERNACIONAL DE CONFINS, entrando por la ciudad LAGOA SANTA y siguiendo la CARRETERA MG 010 para la ciudad CONCEI\u00c7\u00c3O DO MATO DENTRO. La carretera es toda pavimentada, con bellos paisajes despu\u00e9s de Lagoa Santa y con \u00f3ptima se\u00f1alizaci\u00f3n hasta el distrito. Coordinadas\u00a0<u>43\u00ba-44\u00baW, 19\u00ba-20\u00baS<\/u>.<\/p>\n<p>El principal acceso es por la Carretera\u00a0<a href=\"http:\/\/pt.wikipedia.org\/wiki\/MG-10\"><em>MG-10<\/em><\/a>, pasando por\u00a0<a href=\"http:\/\/pt.wikipedia.org\/wiki\/Lagoa_Santa_(Minas_Gerais)\"><em>Lagoa Santa<\/em><\/a>\u00a0y\u00a0<a href=\"http:\/\/pt.wikipedia.org\/wiki\/S%C3%A3o_Jos%C3%A9_de_Almeida\"><em>S\u00e3o Jos\u00e9 de Almeida<\/em><\/a>. Adem\u00e1s de ser uno de los m\u00e1s bellos escenarios de Minas Gerais, la Sierra do Cip\u00f3 es considerada una de las mayores \u00e1reas de biodiversidad de planeta.<\/p>\n<p>Para entrar al Parque Nacional de Serra do Cip\u00f3 se cobra entrada, hay horario de visita y debido al relieve accidentado,\u00a0\u00a0<strong>la mayor\u00eda de los atractivos es distante y solamente puede ser visitado con la contrataci\u00f3n de un gu\u00eda especializado local<\/strong>. Sumando a la belleza paisaj\u00edstica de la regi\u00f3n, est\u00e1n varias cascadas,\u00a0piscinas y pozos naturales de aguas cristalinas, provenientes de inn\u00fameras nacientes. Los destaques quedan para las Cascadas Congonhas, Farofa, Gavi\u00e3o y Andorinhas y Canyon de las Bandeirinhas (de los confines)\u00a0y del Travess\u00e3o y de su entorno\u00a0se destacan\u00a0las cascadas\u00a0de la Serra Morena,\u00a0de la Caverna, Capivara y la cascada del Tabuleiro, la m\u00e1s alta de Minas\u00a0y a\u00a0tercera m\u00e1s alta de Brasil.<\/p>\n<p>El visitante puede tambi\u00e9n aprovechar las fiestas tradicionales de la comunidad, eventos culturales como el candombe, folia de reyes, festival de oto\u00f1o, entre otros. Visitar la Sierra do Cip\u00f3 es realizar n viaje sorprendente, sea para descanso, ocio o pr\u00e1ctica de actividades de ecodeporte.<\/p>\n<h3><strong>OURO PRETO<\/strong><\/h3>\n<p>La ciudad posee el mayor patrimonio arquitect\u00f3nico del pa\u00eds y fue la primera ciudad brasile\u00f1a a ser declarada Patrimonio Hist\u00f3rico y Cultural de la Humanidad, en 1980.\u00a0Ubicada aproximadamente a 95km de Belo Horizonte, Ouro Preto es una de las principales ciudades tur\u00edsticas del estado de Minas Gerais.<\/p>\n<p>En medio de las pendientes de adoquines que recortan toda <strong><em>antigua Vila Rica<\/em><\/strong>, est\u00e1n a\u00fan fuentes, capillas, museos y un bello caser\u00edo colonial que guardan y cuentan historias de los siglos 17 y 18, \u00e9pocas del esplendor de las minas y de la Inconfidencia Minera. Adem\u00e1s de otros puntos tur\u00edsticos. Y la mejor manera de conocer los puntos tur\u00edsticos es caminando.<\/p>\n<p>Durante el d\u00eda, el programa es desvendar altares e im\u00e1genes, escudri\u00f1ar piezas en los anticuarios y ferias de artesan\u00eda en piedra jab\u00f3n, callejear por las tiendas y caf\u00e9s de la\u00a0<strong><em>Rua Direita<\/em><\/strong>&#8230; Para tal, no te olvides los zapatos confortables, que tambi\u00e9n son bienvenidos para curtir la noche en los bares o en las fiestas que agitan las rep\u00fablicas de estudiantes.<\/p>\n<p>En Ouro Preto es posible andar de\u00a0<strong><em>maria-fuma\u00e7a,<\/em><\/strong>\u00a0locomotora que lleva a la vecina ciudad de Mariana; o seguir para el\u00a0<strong><em>Pico do Itacolomi<\/em><\/strong>, protegido en un parque estatal con 75 kil\u00f3metros cuadrados repletos de mirantes naturales.<\/p>\n<p>&nbsp;<\/p>\n<p>&nbsp;<\/p>\n<h3>GRUTA DO MAQUIN\u00c9<\/h3>\n<p>Ubicada a 120 Km de Belo Horizonte, la Gruta de Maquin\u00e9 fue descubierta en 1825. Posee siete salones con bell\u00edsimas formas arquitect\u00f3nicas esculpidas por el agua durante miles de a\u00f1os. La gruta es considerada la cuna de la paleontolog\u00eda brasile\u00f1a.<\/p>\n<p>El cient\u00edfico dan\u00e9s Peter Lund encontr\u00f3 restos humanos y de animales prehist\u00f3ricos originarios de otras eras geol\u00f3gicas em el \u00e1rea de la gruta.<\/p>\n<p>El paseo por el local proporciona una bella aventura, despertando la imaginaci\u00f3n del visitante. Con iluminaci\u00f3n estrat\u00e9gicamente posicionada para valorar las formas esculpidas por el tiempo y seguras pasarelas, la visita es realizada con un gu\u00eda que acompa\u00f1a a los grupos.<\/p>\n<p>&nbsp;<\/p>\n<p><strong>Entrada:<\/strong> ingreso<\/p>\n<p><strong>Horario:<\/strong> 8h a 16h diariamente<\/p>\n<p><strong>Direcci\u00f3n:<\/strong> V\u00eda Alberto Ramos, MG 421 \u2013 Km 5 \u2013 Zona Rural, Cordisburgo.<\/p>\n<table width=\"810\">\n<tbody>\n<tr>\n<td>\n<table width=\"100%\">\n<tbody>\n<tr>\n<td><\/td>\n<\/tr>\n<\/tbody>\n<\/table>\n<\/td>\n<\/tr>\n<\/tbody>\n<\/table>\n<p>&nbsp;<\/p>\n<p>&nbsp;<\/p>\n<p>&nbsp;<\/p>\n<p>&nbsp;<\/p>\n","protected":false},"excerpt":{"rendered":"<p>CIRCUITO CULTURAL PRA\u00c7A DA LIBERDADE (Plaza de la Libertad) \u00a0 Ubicado en un \u00e1rea hist\u00f3rica de la capital de Minas Gerais, el Circuito est\u00e1 compuesto por trece instituciones, entre museos y centros culturales, que mapean diferentes aspectos del universo cultural y art\u00edstico. &nbsp; La belleza y arquitectura de las edificaciones&hellip; <\/p>\n","protected":false},"author":3,"featured_media":69,"parent":0,"menu_order":30,"comment_status":"closed","ping_status":"closed","template":"","meta":{"footnotes":""},"class_list":["post-60","page","type-page","status-publish","has-post-thumbnail","hentry"],"translation":{"provider":"WPGlobus","version":"3.0.2","language":"es","enabled_languages":["br","es"],"languages":{"br":{"title":true,"content":true,"excerpt":false},"es":{"title":true,"content":true,"excerpt":false}}},"_links":{"self":[{"href":"https:\/\/edicic2016.eci.ufmg.br\/es\/wp-json\/wp\/v2\/pages\/60","targetHints":{"allow":["GET"]}}],"collection":[{"href":"https:\/\/edicic2016.eci.ufmg.br\/es\/wp-json\/wp\/v2\/pages"}],"about":[{"href":"https:\/\/edicic2016.eci.ufmg.br\/es\/wp-json\/wp\/v2\/types\/page"}],"author":[{"embeddable":true,"href":"https:\/\/edicic2016.eci.ufmg.br\/es\/wp-json\/wp\/v2\/users\/3"}],"replies":[{"embeddable":true,"href":"https:\/\/edicic2016.eci.ufmg.br\/es\/wp-json\/wp\/v2\/comments?post=60"}],"version-history":[{"count":12,"href":"https:\/\/edicic2016.eci.ufmg.br\/es\/wp-json\/wp\/v2\/pages\/60\/revisions"}],"predecessor-version":[{"id":329,"href":"https:\/\/edicic2016.eci.ufmg.br\/es\/wp-json\/wp\/v2\/pages\/60\/revisions\/329"}],"wp:featuredmedia":[{"embeddable":true,"href":"https:\/\/edicic2016.eci.ufmg.br\/es\/wp-json\/wp\/v2\/media\/69"}],"wp:attachment":[{"href":"https:\/\/edicic2016.eci.ufmg.br\/es\/wp-json\/wp\/v2\/media?parent=60"}],"curies":[{"name":"wp","href":"https:\/\/api.w.org\/{rel}","templated":true}]}}