{"id":195,"date":"2016-04-12T08:44:21","date_gmt":"2016-04-12T14:44:21","guid":{"rendered":"https:\/\/edicic2016.eci.ufmg.br\/?page_id=195"},"modified":"2019-08-01T05:16:44","modified_gmt":"2019-08-01T08:16:44","slug":"equipe","status":"publish","type":"page","link":"https:\/\/edicic2016.eci.ufmg.br\/es\/equipe\/","title":{"rendered":"EQUIPO"},"content":{"rendered":"<h2><strong>Comit\u00e9 Cient\u00edfico<\/strong><\/h2>\n<p><a href=\"mailto:adalson.nascimento@gmail.com\">Adalson de Oliveira Nascimento<\/a> \u2013 Escola de Ci\u00eancia da Informa\u00e7\u00e3o \u2013 ECI\/UFMG<\/p>\n<p><a href=\"mailto:adrianabsd@gmail.com\">Adriana Bogliolo Sirihal Duarte<\/a> \u2013 Escola de Ci\u00eancia da Informa\u00e7\u00e3o \u2013 ECI\/UFMG<\/p>\n<p><a href=\"mailto:alcenirsoares@gmail.com\">Alcenir Soares dos Reis<\/a> \u2013 Escola de Ci\u00eancia da Informa\u00e7\u00e3o \u2013 ECI\/UFMG<\/p>\n<p><a href=\"mailto:anaameliamartins@yahoo.com.br\">Ana Am\u00e9lia Lage Martins<\/a> \u2013 Prefeitura de Belo Horizonte\/Funda\u00e7\u00e3o Municipal de Cultura<\/p>\n<p><a href=\"mailto:amarcard@gmail.com\">Ana Maria Cardoso<\/a> \u2013 Universidade FUMEC<\/p>\n<p><a href=\"mailto:anapaulaspacheco@gmail.com\">Ana Paula Pacheco<\/a> \u2013 Escola de Ci\u00eancia da Informa\u00e7\u00e3o \u2013 ECI\/UFMG<\/p>\n<p><a href=\"mailto:anapaulabiblio@gmail.com\">Ana Paula Silva<\/a> \u2013 Prefeitura Municipal de Belo Horizonte\/Secretaria Adjunta de Moderniza\u00e7\u00e3o<\/p>\n<p><a href=\"mailto:galvao@ufpe.br\">Anna Elizabeth Galv\u00e3o Coutinho Correia<\/a> \u2013 Universidade Federal de Pernambuco\/UFPE<\/p>\n<p><a href=\"mailto:cidashikida@gmail.com\">Aparecida Maciel da Silva Shikida<\/a> \u2013 Funda\u00e7\u00e3o Jo\u00e3o Pinheiro<\/p>\n<p><a href=\"mailto:armando.malheiro@gmail.com\">Armando Malheiro da Silva<\/a> \u2013 Universidade do Porto\/Portugal<\/p>\n<p><a href=\"mailto:benildes@gmail.com\">Benildes Coura Moreira Santos Maculan<\/a> \u2013 Escola de Ci\u00eancia da Informa\u00e7\u00e3o \u2013 ECI\/UFMG<\/p>\n<p><a href=\"mailto:casalavila@yahoo.com.br\">Carlos Alberto \u00c1vila Ara\u00fajo<\/a> \u2013 Escola de Ci\u00eancia da Informa\u00e7\u00e3o \u2013 ECI\/UFMG<\/p>\n<p><a href=\"mailto:cmtejada@ucm.es\">Carlos Miguel Tejada Artigas<\/a> \u2013 Universidad Complutense de Madrid<\/p>\n<p><a href=\"mailto:ortega@eci.ufmg.br\">Cristina Dotta Ortega<\/a> \u2013 Escola de Ci\u00eancia da Informa\u00e7\u00e3o \u2013 ECI\/UFMG<\/p>\n<p><a href=\"mailto:cynthia.roncaglio@gmail.com\">Cynthia Roncaglio<\/a> \u2013 Faculdade de Ci\u00eancia da Informa\u00e7\u00e3o da Universidade de Bras\u00edlia\/UNB<\/p>\n<p><a href=\"mailto:perrotti@usp.br\">Edmir Perrotti<\/a> \u2013 Escola de Comunica\u00e7\u00e3o e Artes\/USP<\/p>\n<p><a href=\"mailto:elias@bib.uc3m.es\">Elias Sanz-Casado<\/a> \u2013 Universidad Carlos III de Madrid<\/p>\n<p><a href=\"mailto:abadal@ub.edu\">Ernest Abadal Falgueras<\/a> \u2013 Facultad de Biblioteconom\u00eda y Documentaci\u00f3n de la Universidad de Barcelona\/Espanha<\/p>\n<p><a href=\"mailto:evelynorrico@uol.com.br\">Evelyn Goyannes Dill Orrico<\/a> \u2013 Universidade Federal do Estado do Rio de Janeiro\/UNIRIO<\/p>\n<p><a href=\"mailto:fernando.ramos@ua.pt\">Fernando Ramos<\/a> \u2013 Universidade de Aveiro\/Portugal<\/p>\n<p><a href=\"mailto:gmverri@yahoo.com.br\">Gilda Maria Whitaker Verri<\/a> \u2013 Universidade Federal de Pernambuco\/UFPE<\/p>\n<p><a href=\"mailto:giulia.crippa69@gmail.com\">Giulia Crippa<\/a> \u2013 Universidade de S\u00e3o Paulo\/USP Ribeir\u00e3o Preto<\/p>\n<p><a href=\"mailto:saldanhaquim@gmail.com\">Gustavo Silva Saldanha<\/a> \u2013 Instituto Brasileiro de Informa\u00e7\u00e3o em Ci\u00eancia e Tecnologia\/IBICT-Rio de Janeiro<\/p>\n<p><a href=\"mailto:helenacrivellari@gmail.com\">Helena Maria Tarchi Crivellari<\/a> \u2013 Escola de Ci\u00eancia da Informa\u00e7\u00e3o \u2013 ECI\/UFMG<\/p>\n<p><a href=\"mailto:henriettefgomes@gmail.com\">Henriette Ferreira Gomes<\/a> \u2013 Instituto de Ci\u00eancia da Informa\u00e7\u00e3o da Universidade Federal da Bahia\/UFBA<\/p>\n<p><a href=\"mailto:isgil@um.es\">Isidoro Gil-Leiva<\/a> \u2013 Universidad de Murcia\/Espanha<\/p>\n<p><a href=\"mailto:jpl@unizar.es\">Jes\u00fas-Pedro Lorente<\/a> \u2013 Universidad de Zaragoza\/Espa\u00f1a<\/p>\n<p><a href=\"mailto:frias@usal.es\">Jos\u00e9 Antonio Frias Montoya<\/a> \u2013 Universidad de Salamanca\/Espanha<\/p>\n<p><a href=\"mailto:jamore@bib.uc3m.es\">Jos\u00e9 Ant\u00f4nio Moreiro<\/a> \u2013 Universidad Carlos III de Madrid<\/p>\n<p><a href=\"mailto:jardimbr@gmail.com\">Jos\u00e9 Maria Jardim<\/a> \u2013 Escola de Arquivologia da Universidade Federal do Estado do Rio de Janeiro\/UNIRIO<\/p>\n<p><a href=\"mailto:comeche@pdi.ucm.es\">Juan Antonio Mart\u00ednez Comeche<\/a> \u2013 Universidad Complutense de Madrid\/Espanha<\/p>\n<p><a href=\"mailto:jcfernan@ugr.es\">Juan Carlos Fern\u00e1ndez Molina<\/a> \u2013 Departamento de Informaci\u00f3n y Comunicaci\u00f3n de la Universidad de Granada\/Espanha<\/p>\n<p><a href=\"mailto:juliags2@hotmail.com\">J\u00falia Gon\u00e7alves da Silveira<\/a> \u2013 Escola de Ci\u00eancia da Informa\u00e7\u00e3o \u2013 ECI\/UFMG<\/p>\n<p><a href=\"mailto:jayaweb@gmail.com\">Juliana de Assis Horta<\/a> \u2013 Universidade Federal do Rio de Janeiro\/UFRJ<\/p>\n<p><a href=\"mailto:juliao.leticia@gmail.com\">Let\u00edcia Juli\u00e3o<\/a> \u2013 Escola de Ci\u00eancia da Informa\u00e7\u00e3o \u2013 ECI\/UFMG<\/p>\n<p><a href=\"mailto:lidiasilvadefreitas@gmail.com\">L\u00eddia Silva de Freitas<\/a> \u2013 Universidade Federal Fluminense \u2013 UFF\/Rio de Janeiro<\/p>\n<p><a href=\"mailto:lourdes.santos@unileon.es\">Lourdes Santos de Paz<\/a> \u2013 Universidad de L\u00e9on\/Espanha<\/p>\n<p><a href=\"mailto:marcoaa@ffclrp.usp.br\">Marco Ant\u00f4nio de Almeida<\/a> \u2013 Universidade de S\u00e3o Paulo \u2013 USP\/Ribeir\u00e3o Preto<\/p>\n<p><a href=\"mailto:mlmiranda@unirio.br\">Marcos Luiz Cavalcanti de Miranda<\/a> \u2013 Universidade Federal do Estado do Rio de Janeiro\/UNIRIO<\/p>\n<p><a href=\"mailto:daccar@gmail.com\">Maria da Concei\u00e7\u00e3o Carvalho<\/a> \u2013 Escola de Ci\u00eancia da Informa\u00e7\u00e3o \u2013 ECI\/UFMG<\/p>\n<p><a href=\"mailto:mgceretta@gmail.com\">Maria Gladys Ceretta Soria<\/a> \u2013 Universidad de la Rep\u00fablica (Uruguai)<\/p>\n<p><a href=\"mailto:marialuizalmeida@gmail.com\">Maria Luiza de Almeida Campos<\/a> \u2013 Universidade Federal Fluminense \u2013 UFF\/Rio de Janeiro<\/p>\n<p><a href=\"mailto:maxavier@usp.br\">Mar\u00edlia Xavier Cury<\/a> \u2013 Universidade de S\u00e3o Paulo\/USP<\/p>\n<p><a href=\"mailto:valentim@valentim.pro.br\">Marta L\u00edgia Pomim Valentim<\/a> \u2013 Universidade Estadual Paulista \u2013 Unesp\/Mar\u00edlia<\/p>\n<p><a href=\"mailto:marr@unam.mx\">Miguel \u00c1ngel Rend\u00f3n Rojas<\/a> \u2013 Universidad Nacional Aut\u00f3noma do M\u00e9xico\/UNAM<\/p>\n<p><a href=\"mailto:menassif89@gmail.com\">Monica Erichsen Nassif<\/a> \u2013 Escola de Ci\u00eancia da Informa\u00e7\u00e3o \u2013 ECI\/UFMG<\/p>\n<p><a href=\"mailto:norma.cfenoglio@yahoo.com.ar\">Norma Catalina Fenoglio<\/a> \u2013 Escuela de Archivolog\u00eda da Universidad Nacional de C\u00f3rdoba\/Argentina<\/p>\n<p><a href=\"mailto:ofaj@ofaj.com.br\">Oswaldo Francisco de Almeida J\u00fanior<\/a> \u2013 Centro de Educa\u00e7\u00e3o, Comunica\u00e7\u00e3o e Artes da Universidade Estadual de Londrina<\/p>\n<p><a href=\"mailto:venancio.renato@gmail.com\">Renato Pinto Ven\u00e2ncio<\/a> \u2013 Escola de Ci\u00eancia da Informa\u00e7\u00e3o \u2013 ECI\/UFMG<\/p>\n<p><a href=\"mailto:rodrigomorenomarques@yahoo.com.br\">Rodrigo Moreno Marques<\/a> \u2013 Universidade FUMEC<\/p>\n<p><a href=\"mailto:rsan@bib.uc3m.es\">Rosa San Segundo Manuel<\/a> \u2013 Universidad Carlos III de Madrid<\/p>\n<p><a href=\"mailto:rubssilva@gmail.com\">Rubens Alves da Silva<\/a> \u2013 Escola de Ci\u00eancia da Informa\u00e7\u00e3o \u2013 ECI\/UFMG<\/p>\n<p><a href=\"mailto:ruleandson@gmail.com\">Ruleandson do Carmo<\/a> \u2013 Universidade Federal de Minas Gerais<\/p>\n<p><a href=\"mailto:sumoce@ufba.br\">Suely Moraes Ceravolo<\/a> \u2013 Universidade Federal da Bahia\/UFBA<\/p>\n","protected":false},"excerpt":{"rendered":"<p>Comit\u00e9 Cient\u00edfico Adalson de Oliveira Nascimento \u2013 Escola de Ci\u00eancia da Informa\u00e7\u00e3o \u2013 ECI\/UFMG Adriana Bogliolo Sirihal Duarte \u2013 Escola de Ci\u00eancia da Informa\u00e7\u00e3o \u2013 ECI\/UFMG Alcenir Soares dos Reis \u2013 Escola de Ci\u00eancia da Informa\u00e7\u00e3o \u2013 ECI\/UFMG Ana Am\u00e9lia Lage Martins \u2013 Prefeitura de Belo Horizonte\/Funda\u00e7\u00e3o Municipal de Cultura&hellip; <\/p>\n","protected":false},"author":3,"featured_media":0,"parent":0,"menu_order":0,"comment_status":"closed","ping_status":"closed","template":"","meta":{"footnotes":""},"class_list":["post-195","page","type-page","status-publish","hentry"],"translation":{"provider":"WPGlobus","version":"3.0.2","language":"es","enabled_languages":["br","es"],"languages":{"br":{"title":true,"content":true,"excerpt":false},"es":{"title":true,"content":true,"excerpt":false}}},"_links":{"self":[{"href":"https:\/\/edicic2016.eci.ufmg.br\/es\/wp-json\/wp\/v2\/pages\/195","targetHints":{"allow":["GET"]}}],"collection":[{"href":"https:\/\/edicic2016.eci.ufmg.br\/es\/wp-json\/wp\/v2\/pages"}],"about":[{"href":"https:\/\/edicic2016.eci.ufmg.br\/es\/wp-json\/wp\/v2\/types\/page"}],"author":[{"embeddable":true,"href":"https:\/\/edicic2016.eci.ufmg.br\/es\/wp-json\/wp\/v2\/users\/3"}],"replies":[{"embeddable":true,"href":"https:\/\/edicic2016.eci.ufmg.br\/es\/wp-json\/wp\/v2\/comments?post=195"}],"version-history":[{"count":10,"href":"https:\/\/edicic2016.eci.ufmg.br\/es\/wp-json\/wp\/v2\/pages\/195\/revisions"}],"predecessor-version":[{"id":251,"href":"https:\/\/edicic2016.eci.ufmg.br\/es\/wp-json\/wp\/v2\/pages\/195\/revisions\/251"}],"wp:attachment":[{"href":"https:\/\/edicic2016.eci.ufmg.br\/es\/wp-json\/wp\/v2\/media?parent=195"}],"curies":[{"name":"wp","href":"https:\/\/api.w.org\/{rel}","templated":true}]}}